{"id":1159,"date":"2023-09-02T05:27:06","date_gmt":"2023-09-02T05:27:06","guid":{"rendered":"http:\/\/www.domnawczasy.pl\/?page_id=1159"},"modified":"2025-08-03T15:20:53","modified_gmt":"2025-08-03T15:20:53","slug":"poznajgory","status":"publish","type":"page","link":"http:\/\/www.domnawczasy.pl\/index.php\/poznajgory\/","title":{"rendered":"Poznaj g\u00f3ry"},"content":{"rendered":"\t\t<div data-elementor-type=\"wp-page\" data-elementor-id=\"1159\" class=\"elementor elementor-1159\">\n\t\t\t\t\t\t<section class=\"elementor-section elementor-top-section elementor-element elementor-element-f2b968d elementor-section-content-middle elementor-section-boxed elementor-section-height-default elementor-section-height-default\" data-id=\"f2b968d\" data-element_type=\"section\">\n\t\t\t\t\t\t<div class=\"elementor-container elementor-column-gap-default\">\n\t\t\t\t\t<div class=\"elementor-column elementor-col-50 elementor-top-column elementor-element elementor-element-a92637f\" data-id=\"a92637f\" data-element_type=\"column\">\n\t\t\t<div class=\"elementor-widget-wrap elementor-element-populated\">\n\t\t\t\t\t\t<div class=\"elementor-element elementor-element-ba0e9bc elementor-widget elementor-widget-heading\" data-id=\"ba0e9bc\" data-element_type=\"widget\" data-widget_type=\"heading.default\">\n\t\t\t\t<div class=\"elementor-widget-container\">\n\t\t\t\t\t<h6 class=\"elementor-heading-title elementor-size-default\">KultuRa<\/h6>\t\t\t\t<\/div>\n\t\t\t\t<\/div>\n\t\t\t\t<div class=\"elementor-element elementor-element-fb3c47d elementor-widget elementor-widget-heading\" data-id=\"fb3c47d\" data-element_type=\"widget\" data-widget_type=\"heading.default\">\n\t\t\t\t<div class=\"elementor-widget-container\">\n\t\t\t\t\t<h2 class=\"elementor-heading-title elementor-size-default\">SI\u0141A TRADYCJI<\/h2>\t\t\t\t<\/div>\n\t\t\t\t<\/div>\n\t\t\t\t<div class=\"elementor-element elementor-element-58fa123 elementor-widget__width-initial elementor-widget elementor-widget-text-editor\" data-id=\"58fa123\" data-element_type=\"widget\" data-widget_type=\"text-editor.default\">\n\t\t\t\t<div class=\"elementor-widget-container\">\n\t\t\t\t\t\t\t\t\t<div id=\"comp-iqs64y7c\" class=\"BaOVQ8 tz5f0K comp-iqs64y7c wixui-rich-text\" data-testid=\"richTextElement\">\n<p class=\"font_8 wixui-rich-text__text\"><span class=\"wixui-rich-text__text\">&nbsp;Z dala od miejskiego zgie\u0142ku zobaczysz zalesione g\u00f3ry i pos\u0142uchasz szumu wartkiego potoku w dolinie. <br>&nbsp; &nbsp; &nbsp; &nbsp; &nbsp; &nbsp; &nbsp;Istebna zaprasza na 3 wyci\u0105gi po\u0142o\u017cne na zboczu &#8221; Z\u0142otego Gronia&#8221; i trasy biegowe na Kubalonce z rekomendacj\u0105 FIS&#8217;u. Istebna to &#8222;start&#8221; dla tras MTP i &#8221; meta &#8221; dla bieg\u00f3w po g\u00f3rskich szlakach. Warto zajrze\u0107 do &#8221; Kurnej Chaty &#8221; &nbsp;u Kawuloka gdzie mo\u017cna pos\u0142ucha\u0107 o rado\u015bciach i problemach dawnych pokole\u0144 g\u00f3ralskich. W Istebnej organizowane s\u0105 &#8221; Zawody Furmon\u00f3w &#8221; i Tydzie\u0144 Kultury Beskidzkiej. M\u00f3wi\u0105c o Istebnej wspomnie\u0107 nale\u017cy o najstarszym w Polsce zespole regionalnym. &nbsp;Z innych atrakcji to aquapark lub O\u015brodek Edukacji Ekologicznej.<\/span><\/p>\n<\/div>\n<div id=\"comp-iqv1kg22\" class=\"BaOVQ8 tz5f0K comp-iqv1kg22 wixui-rich-text\" data-testid=\"richTextElement\">&nbsp;<\/div>\t\t\t\t\t\t\t\t<\/div>\n\t\t\t\t<\/div>\n\t\t\t\t\t<\/div>\n\t\t<\/div>\n\t\t\t\t<div class=\"elementor-column elementor-col-50 elementor-top-column elementor-element elementor-element-5544ac7\" data-id=\"5544ac7\" data-element_type=\"column\">\n\t\t\t<div class=\"elementor-widget-wrap elementor-element-populated\">\n\t\t\t\t\t\t<section class=\"elementor-section elementor-inner-section elementor-element elementor-element-158b98e elementor-section-boxed elementor-section-height-default elementor-section-height-default\" data-id=\"158b98e\" data-element_type=\"section\">\n\t\t\t\t\t\t<div class=\"elementor-container elementor-column-gap-default\">\n\t\t\t\t\t<div class=\"elementor-column elementor-col-50 elementor-inner-column elementor-element elementor-element-bce095f\" data-id=\"bce095f\" data-element_type=\"column\">\n\t\t\t<div class=\"elementor-widget-wrap\">\n\t\t\t\t\t\t\t<\/div>\n\t\t<\/div>\n\t\t\t\t<div class=\"elementor-column elementor-col-50 elementor-inner-column elementor-element elementor-element-7fdf113\" data-id=\"7fdf113\" data-element_type=\"column\">\n\t\t\t<div class=\"elementor-widget-wrap elementor-element-populated\">\n\t\t\t\t\t\t<div class=\"elementor-element elementor-element-1bd0b87 elementor-widget__width-initial elementor-widget elementor-widget-image\" data-id=\"1bd0b87\" data-element_type=\"widget\" data-widget_type=\"image.default\">\n\t\t\t\t<div class=\"elementor-widget-container\">\n\t\t\t\t\t\t\t\t\t\t\t\t\t\t\t<img fetchpriority=\"high\" decoding=\"async\" width=\"1536\" height=\"864\" src=\"http:\/\/www.domnawczasy.pl\/wp-content\/uploads\/2023\/09\/211002-90-1536x864.jpg\" class=\"attachment-1536x1536 size-1536x1536 wp-image-1171\" alt=\"\" srcset=\"http:\/\/www.domnawczasy.pl\/wp-content\/uploads\/2023\/09\/211002-90-1536x864.jpg 1536w, http:\/\/www.domnawczasy.pl\/wp-content\/uploads\/2023\/09\/211002-90-300x169.jpg 300w, http:\/\/www.domnawczasy.pl\/wp-content\/uploads\/2023\/09\/211002-90-1024x576.jpg 1024w, http:\/\/www.domnawczasy.pl\/wp-content\/uploads\/2023\/09\/211002-90-768x432.jpg 768w, http:\/\/www.domnawczasy.pl\/wp-content\/uploads\/2023\/09\/211002-90-2048x1152.jpg 2048w, http:\/\/www.domnawczasy.pl\/wp-content\/uploads\/2023\/09\/211002-90-800x450.jpg 800w\" sizes=\"(max-width: 1536px) 100vw, 1536px\" \/>\t\t\t\t\t\t\t\t\t\t\t\t\t\t\t<\/div>\n\t\t\t\t<\/div>\n\t\t\t\t\t<\/div>\n\t\t<\/div>\n\t\t\t\t\t<\/div>\n\t\t<\/section>\n\t\t\t\t<div class=\"elementor-element elementor-element-211cac2 elementor-widget__width-initial elementor-widget elementor-widget-text-editor\" data-id=\"211cac2\" data-element_type=\"widget\" data-widget_type=\"text-editor.default\">\n\t\t\t\t<div class=\"elementor-widget-container\">\n\t\t\t\t\t\t\t\t\t<div id=\"comp-iqs64y7c\" class=\"BaOVQ8 tz5f0K comp-iqs64y7c wixui-rich-text\" data-testid=\"richTextElement\"><p class=\"font_8 wixui-rich-text__text\"><span style=\"background-color: transparent; color: var(--global-palette4); font-family: var(--global-body-font-family); letter-spacing: 0em;\">\u00a0 \u00a0 \u00a0 \u00a0 \u00a0<\/span><span style=\"background-color: transparent; color: var(--global-palette4); font-family: var(--global-body-font-family); letter-spacing: 0em;\">Jaworzynka to miejsce tradycji g\u00f3ralskiej, kt\u00f3re mo\u017cesz pozna\u0107 dog\u0142\u0119bnie zanurzaj\u0105c si\u0119 w opowie\u015bciach tw\u00f3rc\u00f3w ludowych i pr\u00f3buj\u0105c w\u0142asnych si\u0142 przy historycznych sprz\u0119tach codziennego u\u017cytku. \u00a0Basen na tr\u00f3jstyku gdzie nieopodal mo\u017cesz jedn\u0105 stop\u0119 postawi\u0107 w Polsce, S\u0142owacji i Czechach. Liczne szlaki turystyczne dla tych, kt\u00f3rzy potrzebuj\u0105 odpoczynku lub dla tych, kt\u00f3rzy chc\u0105 pokonywa\u0107 samych siebie podczas zdobywania szczyt\u00f3w.\u00a0\u00a0<\/span><\/p><\/div><div id=\"comp-iqv1kg22\" class=\"BaOVQ8 tz5f0K comp-iqv1kg22 wixui-rich-text\" data-testid=\"richTextElement\"><p class=\"font_8 wixui-rich-text__text\"><span class=\"wixui-rich-text__text\">\u00a0\u00a0\u00a0\u00a0\u00a0\u00a0\u00a0\u00a0\u00a0\u00a0Widzie\u0107 Koniak\u00f3w to widzie\u0107 najpi\u0119kniejsze koronki na \u015bwicie, s\u0142ysze\u0107 Koniak\u00f3w to s\u0142ysze\u0107 g\u00f3ralki przy wt\u00f3rze smyczk\u00f3w, smakowa\u0107 Koniak\u00f3w to smakowa\u0107 potraw regionalnych . Widok z Ochodzitej, hejna\u0142 grany z trombity, oscypek z bac\u00f3wki \u00a0jest w zasi\u0119gu ka\u017cdego kto odwiedzi te strony. Galerie tw\u00f3rczo\u015bci ludowej i karczmy g\u00f3ralskie.\u00a0<\/span><\/p><\/div>\t\t\t\t\t\t\t\t<\/div>\n\t\t\t\t<\/div>\n\t\t\t\t\t<\/div>\n\t\t<\/div>\n\t\t\t\t\t<\/div>\n\t\t<\/section>\n\t\t\t\t<section class=\"elementor-section elementor-top-section elementor-element elementor-element-f8c0770 elementor-section-boxed elementor-section-height-default elementor-section-height-default\" data-id=\"f8c0770\" data-element_type=\"section\" data-settings=\"{&quot;background_background&quot;:&quot;classic&quot;}\">\n\t\t\t\t\t\t<div class=\"elementor-container elementor-column-gap-default\">\n\t\t\t\t\t<div class=\"elementor-column elementor-col-66 elementor-top-column elementor-element elementor-element-179b670\" data-id=\"179b670\" data-element_type=\"column\">\n\t\t\t<div class=\"elementor-widget-wrap elementor-element-populated\">\n\t\t\t\t\t\t<div class=\"elementor-element elementor-element-55d5a81 elementor-widget elementor-widget-heading\" data-id=\"55d5a81\" data-element_type=\"widget\" data-widget_type=\"heading.default\">\n\t\t\t\t<div class=\"elementor-widget-container\">\n\t\t\t\t\t<h2 class=\"elementor-heading-title elementor-size-default\">LATO<\/h2>\t\t\t\t<\/div>\n\t\t\t\t<\/div>\n\t\t\t\t<div class=\"elementor-element elementor-element-9259ab5 elementor-widget elementor-widget-text-editor\" data-id=\"9259ab5\" data-element_type=\"widget\" data-widget_type=\"text-editor.default\">\n\t\t\t\t<div class=\"elementor-widget-container\">\n\t\t\t\t\t\t\t\t\t<p>W lato pomagamy w organizacji pieszych w\u0119dr\u00f3wek g\u00f3rskich. Znamy miejsca, kt\u00f3re warto zobaczy\u0107. W gminie odbywa si\u0119 wiele wydarze\u0144 kulturalnych i towarzyskich. Poznaj G\u00f3ry z nami r\u00f3wnie\u017c na rowerze. Otwarta trasa Down Hill MTB czy asfaltowy pumptrack w Istebnej,\u00a0<br \/>\u00a0<\/p>\t\t\t\t\t\t\t\t<\/div>\n\t\t\t\t<\/div>\n\t\t\t\t\t<\/div>\n\t\t<\/div>\n\t\t\t\t<div class=\"elementor-column elementor-col-33 elementor-top-column elementor-element elementor-element-08062fc\" data-id=\"08062fc\" data-element_type=\"column\">\n\t\t\t<div class=\"elementor-widget-wrap elementor-element-populated\">\n\t\t\t\t\t\t<div class=\"elementor-element elementor-element-844ef53 elementor-widget elementor-widget-image\" data-id=\"844ef53\" data-element_type=\"widget\" data-widget_type=\"image.default\">\n\t\t\t\t<div class=\"elementor-widget-container\">\n\t\t\t\t\t\t\t\t\t\t\t\t\t\t\t<img decoding=\"async\" width=\"1024\" height=\"579\" src=\"http:\/\/www.domnawczasy.pl\/wp-content\/uploads\/2023\/09\/9ee534_52a9f0deddbd856cdc86335e917ebb81-1024x579.jpg\" class=\"attachment-large size-large wp-image-1173\" alt=\"\" srcset=\"http:\/\/www.domnawczasy.pl\/wp-content\/uploads\/2023\/09\/9ee534_52a9f0deddbd856cdc86335e917ebb81-1024x579.jpg 1024w, http:\/\/www.domnawczasy.pl\/wp-content\/uploads\/2023\/09\/9ee534_52a9f0deddbd856cdc86335e917ebb81-300x170.jpg 300w, http:\/\/www.domnawczasy.pl\/wp-content\/uploads\/2023\/09\/9ee534_52a9f0deddbd856cdc86335e917ebb81-768x434.jpg 768w, http:\/\/www.domnawczasy.pl\/wp-content\/uploads\/2023\/09\/9ee534_52a9f0deddbd856cdc86335e917ebb81-1536x869.jpg 1536w, http:\/\/www.domnawczasy.pl\/wp-content\/uploads\/2023\/09\/9ee534_52a9f0deddbd856cdc86335e917ebb81-800x452.jpg 800w, http:\/\/www.domnawczasy.pl\/wp-content\/uploads\/2023\/09\/9ee534_52a9f0deddbd856cdc86335e917ebb81.jpg 2048w\" sizes=\"(max-width: 1024px) 100vw, 1024px\" \/>\t\t\t\t\t\t\t\t\t\t\t\t\t\t\t<\/div>\n\t\t\t\t<\/div>\n\t\t\t\t\t<\/div>\n\t\t<\/div>\n\t\t\t\t\t<\/div>\n\t\t<\/section>\n\t\t\t\t<section class=\"elementor-section elementor-top-section elementor-element elementor-element-92ca778 elementor-section-boxed elementor-section-height-default elementor-section-height-default\" data-id=\"92ca778\" data-element_type=\"section\">\n\t\t\t\t\t\t<div class=\"elementor-container elementor-column-gap-default\">\n\t\t\t\t\t<div class=\"elementor-column elementor-col-66 elementor-top-column elementor-element elementor-element-4e316bd\" data-id=\"4e316bd\" data-element_type=\"column\">\n\t\t\t<div class=\"elementor-widget-wrap elementor-element-populated\">\n\t\t\t\t\t\t<div class=\"elementor-element elementor-element-cfcc0a2 elementor-widget elementor-widget-image\" data-id=\"cfcc0a2\" data-element_type=\"widget\" data-widget_type=\"image.default\">\n\t\t\t\t<div class=\"elementor-widget-container\">\n\t\t\t\t\t\t\t\t\t\t\t\t\t\t\t<img decoding=\"async\" width=\"1024\" height=\"510\" src=\"http:\/\/www.domnawczasy.pl\/wp-content\/uploads\/2023\/09\/9ee534_04d6622b58da86ea72fe177f6f97bfbf-1024x510.jpg\" class=\"attachment-large size-large wp-image-1181\" alt=\"\" srcset=\"http:\/\/www.domnawczasy.pl\/wp-content\/uploads\/2023\/09\/9ee534_04d6622b58da86ea72fe177f6f97bfbf-1024x510.jpg 1024w, http:\/\/www.domnawczasy.pl\/wp-content\/uploads\/2023\/09\/9ee534_04d6622b58da86ea72fe177f6f97bfbf-300x149.jpg 300w, http:\/\/www.domnawczasy.pl\/wp-content\/uploads\/2023\/09\/9ee534_04d6622b58da86ea72fe177f6f97bfbf-768x382.jpg 768w, http:\/\/www.domnawczasy.pl\/wp-content\/uploads\/2023\/09\/9ee534_04d6622b58da86ea72fe177f6f97bfbf-1536x764.jpg 1536w, http:\/\/www.domnawczasy.pl\/wp-content\/uploads\/2023\/09\/9ee534_04d6622b58da86ea72fe177f6f97bfbf-800x398.jpg 800w, http:\/\/www.domnawczasy.pl\/wp-content\/uploads\/2023\/09\/9ee534_04d6622b58da86ea72fe177f6f97bfbf.jpg 2048w\" sizes=\"(max-width: 1024px) 100vw, 1024px\" \/>\t\t\t\t\t\t\t\t\t\t\t\t\t\t\t<\/div>\n\t\t\t\t<\/div>\n\t\t\t\t\t<\/div>\n\t\t<\/div>\n\t\t\t\t<div class=\"elementor-column elementor-col-33 elementor-top-column elementor-element elementor-element-2d4c34e\" data-id=\"2d4c34e\" data-element_type=\"column\">\n\t\t\t<div class=\"elementor-widget-wrap elementor-element-populated\">\n\t\t\t\t\t\t<div class=\"elementor-element elementor-element-3d18074 elementor-widget elementor-widget-heading\" data-id=\"3d18074\" data-element_type=\"widget\" data-widget_type=\"heading.default\">\n\t\t\t\t<div class=\"elementor-widget-container\">\n\t\t\t\t\t<h2 class=\"elementor-heading-title elementor-size-default\">ZIMA<\/h2>\t\t\t\t<\/div>\n\t\t\t\t<\/div>\n\t\t\t\t<div class=\"elementor-element elementor-element-c07355a elementor-widget elementor-widget-text-editor\" data-id=\"c07355a\" data-element_type=\"widget\" data-widget_type=\"text-editor.default\">\n\t\t\t\t<div class=\"elementor-widget-container\">\n\t\t\t\t\t\t\t\t\t<p>W gminie Istebna \u015bnieg utrzymuje si\u0119 d\u0142u\u017cej. Mikroklimat Gminy sprzyja sportom zimowym.\u00a0 <br \/>5 Wyci\u0105g\u00f3w w gminie oraz trasy biegowe na Kubalonce. Kuligi zimowe na saniach\u00a0 \u00a0<\/p>\t\t\t\t\t\t\t\t<\/div>\n\t\t\t\t<\/div>\n\t\t\t\t<div class=\"elementor-element elementor-element-ffc7937 elementor-widget elementor-widget-spacer\" data-id=\"ffc7937\" data-element_type=\"widget\" data-widget_type=\"spacer.default\">\n\t\t\t\t<div class=\"elementor-widget-container\">\n\t\t\t\t\t\t\t<div class=\"elementor-spacer\">\n\t\t\t<div class=\"elementor-spacer-inner\"><\/div>\n\t\t<\/div>\n\t\t\t\t\t\t<\/div>\n\t\t\t\t<\/div>\n\t\t\t\t\t<\/div>\n\t\t<\/div>\n\t\t\t\t\t<\/div>\n\t\t<\/section>\n\t\t\t\t<section class=\"elementor-section elementor-top-section elementor-element elementor-element-beaca76 elementor-section-boxed elementor-section-height-default elementor-section-height-default\" data-id=\"beaca76\" data-element_type=\"section\" data-settings=\"{&quot;background_background&quot;:&quot;classic&quot;}\">\n\t\t\t\t\t\t<div class=\"elementor-container elementor-column-gap-default\">\n\t\t\t\t\t<div class=\"elementor-column elementor-col-33 elementor-top-column elementor-element elementor-element-1b25668\" data-id=\"1b25668\" data-element_type=\"column\">\n\t\t\t<div class=\"elementor-widget-wrap elementor-element-populated\">\n\t\t\t\t\t\t<div class=\"elementor-element elementor-element-3905f5d elementor-widget__width-initial elementor-widget elementor-widget-heading\" data-id=\"3905f5d\" data-element_type=\"widget\" data-widget_type=\"heading.default\">\n\t\t\t\t<div class=\"elementor-widget-container\">\n\t\t\t\t\t<h2 class=\"elementor-heading-title elementor-size-default\">DODATKOWO<\/h2>\t\t\t\t<\/div>\n\t\t\t\t<\/div>\n\t\t\t\t<div class=\"elementor-element elementor-element-0f276a5 elementor-widget elementor-widget-text-editor\" data-id=\"0f276a5\" data-element_type=\"widget\" data-widget_type=\"text-editor.default\">\n\t\t\t\t<div class=\"elementor-widget-container\">\n\t\t\t\t\t\t\t\t\t<p class=\"Textbody\"><span lang=\"PL\" style=\"font-size: 13.0pt;\">&#8211; sauna dla go\u015bci<br \/><\/span><span lang=\"PL\" style=\"font-size: 13.0pt;\">&#8211; sprz\u0119t narciarski dla go\u015bci<br \/><\/span><span lang=\"PL\" style=\"font-size: 13.0pt;\">&#8211; organizacja kulig\u00f3w konnych<br \/><\/span><span lang=\"PL\" style=\"font-size: 13.0pt;\">&#8211; zni\u017cki na wyci\u0105gi w naszej okolicy<br \/>&#8211; zni\u017cki na koronk\u0119 Koniakowska<\/span><\/p>\t\t\t\t\t\t\t\t<\/div>\n\t\t\t\t<\/div>\n\t\t\t\t<div class=\"elementor-element elementor-element-ce1f77f elementor-widget elementor-widget-spacer\" data-id=\"ce1f77f\" data-element_type=\"widget\" data-widget_type=\"spacer.default\">\n\t\t\t\t<div class=\"elementor-widget-container\">\n\t\t\t\t\t\t\t<div class=\"elementor-spacer\">\n\t\t\t<div class=\"elementor-spacer-inner\"><\/div>\n\t\t<\/div>\n\t\t\t\t\t\t<\/div>\n\t\t\t\t<\/div>\n\t\t\t\t<div class=\"elementor-element elementor-element-3e69c9f elementor-widget elementor-widget-image\" data-id=\"3e69c9f\" data-element_type=\"widget\" data-widget_type=\"image.default\">\n\t\t\t\t<div class=\"elementor-widget-container\">\n\t\t\t\t\t\t\t\t\t\t\t\t\t\t\t<img loading=\"lazy\" decoding=\"async\" width=\"1024\" height=\"683\" src=\"http:\/\/www.domnawczasy.pl\/wp-content\/uploads\/2023\/09\/9ee534_1ebaf1e40b146e3c188216429af029e2-1024x683.jpg\" class=\"attachment-large size-large wp-image-1179\" alt=\"\" srcset=\"http:\/\/www.domnawczasy.pl\/wp-content\/uploads\/2023\/09\/9ee534_1ebaf1e40b146e3c188216429af029e2-1024x683.jpg 1024w, http:\/\/www.domnawczasy.pl\/wp-content\/uploads\/2023\/09\/9ee534_1ebaf1e40b146e3c188216429af029e2-300x200.jpg 300w, http:\/\/www.domnawczasy.pl\/wp-content\/uploads\/2023\/09\/9ee534_1ebaf1e40b146e3c188216429af029e2-768x512.jpg 768w, http:\/\/www.domnawczasy.pl\/wp-content\/uploads\/2023\/09\/9ee534_1ebaf1e40b146e3c188216429af029e2-1536x1025.jpg 1536w, http:\/\/www.domnawczasy.pl\/wp-content\/uploads\/2023\/09\/9ee534_1ebaf1e40b146e3c188216429af029e2-800x534.jpg 800w, http:\/\/www.domnawczasy.pl\/wp-content\/uploads\/2023\/09\/9ee534_1ebaf1e40b146e3c188216429af029e2.jpg 2048w\" sizes=\"(max-width: 1024px) 100vw, 1024px\" \/>\t\t\t\t\t\t\t\t\t\t\t\t\t\t\t<\/div>\n\t\t\t\t<\/div>\n\t\t\t\t\t<\/div>\n\t\t<\/div>\n\t\t\t\t<div class=\"elementor-column elementor-col-66 elementor-top-column elementor-element elementor-element-95c5b5d\" data-id=\"95c5b5d\" data-element_type=\"column\">\n\t\t\t<div class=\"elementor-widget-wrap elementor-element-populated\">\n\t\t\t\t\t\t<div class=\"elementor-element elementor-element-cb856bc elementor-widget elementor-widget-image\" data-id=\"cb856bc\" data-element_type=\"widget\" data-widget_type=\"image.default\">\n\t\t\t\t<div class=\"elementor-widget-container\">\n\t\t\t\t\t\t\t\t\t\t\t\t\t\t\t<img loading=\"lazy\" decoding=\"async\" width=\"1024\" height=\"683\" src=\"http:\/\/www.domnawczasy.pl\/wp-content\/uploads\/2023\/09\/9ee534_b38fa28cfeb3099d51d9927a4c37d0c9-1024x683.jpg\" class=\"attachment-large size-large wp-image-1176\" alt=\"\" srcset=\"http:\/\/www.domnawczasy.pl\/wp-content\/uploads\/2023\/09\/9ee534_b38fa28cfeb3099d51d9927a4c37d0c9-1024x683.jpg 1024w, http:\/\/www.domnawczasy.pl\/wp-content\/uploads\/2023\/09\/9ee534_b38fa28cfeb3099d51d9927a4c37d0c9-300x200.jpg 300w, http:\/\/www.domnawczasy.pl\/wp-content\/uploads\/2023\/09\/9ee534_b38fa28cfeb3099d51d9927a4c37d0c9-768x512.jpg 768w, http:\/\/www.domnawczasy.pl\/wp-content\/uploads\/2023\/09\/9ee534_b38fa28cfeb3099d51d9927a4c37d0c9-800x533.jpg 800w, http:\/\/www.domnawczasy.pl\/wp-content\/uploads\/2023\/09\/9ee534_b38fa28cfeb3099d51d9927a4c37d0c9.jpg 1209w\" sizes=\"(max-width: 1024px) 100vw, 1024px\" \/>\t\t\t\t\t\t\t\t\t\t\t\t\t\t\t<\/div>\n\t\t\t\t<\/div>\n\t\t\t\t\t<\/div>\n\t\t<\/div>\n\t\t\t\t\t<\/div>\n\t\t<\/section>\n\t\t\t\t<\/div>\n\t\t","protected":false},"excerpt":{"rendered":"<p>KultuRa SI\u0141A TRADYCJI &nbsp;Z dala od miejskiego zgie\u0142ku zobaczysz zalesione g\u00f3ry i pos\u0142uchasz szumu wartkiego potoku w dolinie. &nbsp; &nbsp; &nbsp; &nbsp; &nbsp; &nbsp; &nbsp;Istebna zaprasza na 3 wyci\u0105gi po\u0142o\u017cne na zboczu &#8221; Z\u0142otego Gronia&#8221; i trasy biegowe na Kubalonce z rekomendacj\u0105 FIS&#8217;u. Istebna to &#8222;start&#8221; dla tras MTP i &#8221; meta &#8221; dla bieg\u00f3w&#8230;<\/p>\n","protected":false},"author":1,"featured_media":0,"parent":0,"menu_order":0,"comment_status":"closed","ping_status":"closed","template":"","meta":{"_kadence_starter_templates_imported_post":true,"_kad_post_transparent":"","_kad_post_title":"default","_kad_post_layout":"fullwidth","_kad_post_sidebar_id":"","_kad_post_content_style":"unboxed","_kad_post_vertical_padding":"hide","_kad_post_feature":"hide","_kad_post_feature_position":"","_kad_post_header":false,"_kad_post_footer":false,"footnotes":""},"class_list":["post-1159","page","type-page","status-publish","hentry"],"yoast_head":"<!-- This site is optimized with the Yoast SEO plugin v25.5 - https:\/\/yoast.com\/wordpress\/plugins\/seo\/ -->\n<title>Poznaj g\u00f3ry - Dom na Wczasy<\/title>\n<meta name=\"description\" content=\"Zapraszamy was do Domu w G\u00f3rach. Spe\u0142nij swoje pi\u0119kne wakacje w g\u00f3rach.\" \/>\n<meta name=\"robots\" content=\"index, follow, max-snippet:-1, max-image-preview:large, max-video-preview:-1\" \/>\n<link rel=\"canonical\" href=\"http:\/\/www.domnawczasy.pl\/index.php\/poznajgory\/\" \/>\n<meta property=\"og:locale\" content=\"pl_PL\" \/>\n<meta property=\"og:type\" content=\"article\" \/>\n<meta property=\"og:title\" content=\"Poznaj g\u00f3ry - Dom na Wczasy\" \/>\n<meta property=\"og:description\" content=\"Zapraszamy was do Domu w G\u00f3rach. Spe\u0142nij swoje pi\u0119kne wakacje w g\u00f3rach.\" \/>\n<meta property=\"og:url\" content=\"http:\/\/www.domnawczasy.pl\/index.php\/poznajgory\/\" \/>\n<meta property=\"og:site_name\" content=\"Dom na Wczasy\" \/>\n<meta property=\"article:modified_time\" content=\"2025-08-03T15:20:53+00:00\" \/>\n<meta property=\"og:image\" content=\"http:\/\/www.domnawczasy.pl\/wp-content\/uploads\/2023\/09\/211002-90-1536x864.jpg\" \/>\n<meta name=\"twitter:card\" content=\"summary_large_image\" \/>\n<meta name=\"twitter:label1\" content=\"Szacowany czas czytania\" \/>\n\t<meta name=\"twitter:data1\" content=\"2 minuty\" \/>\n<script type=\"application\/ld+json\" class=\"yoast-schema-graph\">{\"@context\":\"https:\/\/schema.org\",\"@graph\":[{\"@type\":\"WebPage\",\"@id\":\"http:\/\/www.domnawczasy.pl\/index.php\/poznajgory\/\",\"url\":\"http:\/\/www.domnawczasy.pl\/index.php\/poznajgory\/\",\"name\":\"Poznaj g\u00f3ry - Dom na Wczasy\",\"isPartOf\":{\"@id\":\"http:\/\/www.domnawczasy.pl\/#website\"},\"primaryImageOfPage\":{\"@id\":\"http:\/\/www.domnawczasy.pl\/index.php\/poznajgory\/#primaryimage\"},\"image\":{\"@id\":\"http:\/\/www.domnawczasy.pl\/index.php\/poznajgory\/#primaryimage\"},\"thumbnailUrl\":\"http:\/\/www.domnawczasy.pl\/wp-content\/uploads\/2023\/09\/211002-90-1536x864.jpg\",\"datePublished\":\"2023-09-02T05:27:06+00:00\",\"dateModified\":\"2025-08-03T15:20:53+00:00\",\"description\":\"Zapraszamy was do Domu w G\u00f3rach. Spe\u0142nij swoje pi\u0119kne wakacje w g\u00f3rach.\",\"breadcrumb\":{\"@id\":\"http:\/\/www.domnawczasy.pl\/index.php\/poznajgory\/#breadcrumb\"},\"inLanguage\":\"pl-PL\",\"potentialAction\":[{\"@type\":\"ReadAction\",\"target\":[\"http:\/\/www.domnawczasy.pl\/index.php\/poznajgory\/\"]}]},{\"@type\":\"ImageObject\",\"inLanguage\":\"pl-PL\",\"@id\":\"http:\/\/www.domnawczasy.pl\/index.php\/poznajgory\/#primaryimage\",\"url\":\"http:\/\/www.domnawczasy.pl\/wp-content\/uploads\/2023\/09\/211002-90-scaled.jpg\",\"contentUrl\":\"http:\/\/www.domnawczasy.pl\/wp-content\/uploads\/2023\/09\/211002-90-scaled.jpg\",\"width\":2560,\"height\":1441},{\"@type\":\"BreadcrumbList\",\"@id\":\"http:\/\/www.domnawczasy.pl\/index.php\/poznajgory\/#breadcrumb\",\"itemListElement\":[{\"@type\":\"ListItem\",\"position\":1,\"name\":\"Strona g\u0142\u00f3wna\",\"item\":\"http:\/\/www.domnawczasy.pl\/\"},{\"@type\":\"ListItem\",\"position\":2,\"name\":\"Poznaj g\u00f3ry\"}]},{\"@type\":\"WebSite\",\"@id\":\"http:\/\/www.domnawczasy.pl\/#website\",\"url\":\"http:\/\/www.domnawczasy.pl\/\",\"name\":\"Dom na Wczasy\",\"description\":\"\",\"publisher\":{\"@id\":\"http:\/\/www.domnawczasy.pl\/#organization\"},\"potentialAction\":[{\"@type\":\"SearchAction\",\"target\":{\"@type\":\"EntryPoint\",\"urlTemplate\":\"http:\/\/www.domnawczasy.pl\/?s={search_term_string}\"},\"query-input\":{\"@type\":\"PropertyValueSpecification\",\"valueRequired\":true,\"valueName\":\"search_term_string\"}}],\"inLanguage\":\"pl-PL\"},{\"@type\":\"Organization\",\"@id\":\"http:\/\/www.domnawczasy.pl\/#organization\",\"name\":\"Dom Na Waczsy\",\"alternateName\":\"Dom Na Waczsy - Tw\u00f3j czas dla rodziny\",\"url\":\"http:\/\/www.domnawczasy.pl\/\",\"logo\":{\"@type\":\"ImageObject\",\"inLanguage\":\"pl-PL\",\"@id\":\"http:\/\/www.domnawczasy.pl\/#\/schema\/logo\/image\/\",\"url\":\"http:\/\/www.domnawczasy.pl\/wp-content\/uploads\/2023\/07\/cropped-cropped-cropped-png-clipart-computer-icons-house-home-building-house-angle-household-1.png\",\"contentUrl\":\"http:\/\/www.domnawczasy.pl\/wp-content\/uploads\/2023\/07\/cropped-cropped-cropped-png-clipart-computer-icons-house-home-building-house-angle-household-1.png\",\"width\":512,\"height\":512,\"caption\":\"Dom Na Waczsy\"},\"image\":{\"@id\":\"http:\/\/www.domnawczasy.pl\/#\/schema\/logo\/image\/\"}}]}<\/script>\n<!-- \/ Yoast SEO plugin. -->","yoast_head_json":{"title":"Poznaj g\u00f3ry - Dom na Wczasy","description":"Zapraszamy was do Domu w G\u00f3rach. Spe\u0142nij swoje pi\u0119kne wakacje w g\u00f3rach.","robots":{"index":"index","follow":"follow","max-snippet":"max-snippet:-1","max-image-preview":"max-image-preview:large","max-video-preview":"max-video-preview:-1"},"canonical":"http:\/\/www.domnawczasy.pl\/index.php\/poznajgory\/","og_locale":"pl_PL","og_type":"article","og_title":"Poznaj g\u00f3ry - Dom na Wczasy","og_description":"Zapraszamy was do Domu w G\u00f3rach. Spe\u0142nij swoje pi\u0119kne wakacje w g\u00f3rach.","og_url":"http:\/\/www.domnawczasy.pl\/index.php\/poznajgory\/","og_site_name":"Dom na Wczasy","article_modified_time":"2025-08-03T15:20:53+00:00","og_image":[{"url":"http:\/\/www.domnawczasy.pl\/wp-content\/uploads\/2023\/09\/211002-90-1536x864.jpg","type":"","width":"","height":""}],"twitter_card":"summary_large_image","twitter_misc":{"Szacowany czas czytania":"2 minuty"},"schema":{"@context":"https:\/\/schema.org","@graph":[{"@type":"WebPage","@id":"http:\/\/www.domnawczasy.pl\/index.php\/poznajgory\/","url":"http:\/\/www.domnawczasy.pl\/index.php\/poznajgory\/","name":"Poznaj g\u00f3ry - Dom na Wczasy","isPartOf":{"@id":"http:\/\/www.domnawczasy.pl\/#website"},"primaryImageOfPage":{"@id":"http:\/\/www.domnawczasy.pl\/index.php\/poznajgory\/#primaryimage"},"image":{"@id":"http:\/\/www.domnawczasy.pl\/index.php\/poznajgory\/#primaryimage"},"thumbnailUrl":"http:\/\/www.domnawczasy.pl\/wp-content\/uploads\/2023\/09\/211002-90-1536x864.jpg","datePublished":"2023-09-02T05:27:06+00:00","dateModified":"2025-08-03T15:20:53+00:00","description":"Zapraszamy was do Domu w G\u00f3rach. Spe\u0142nij swoje pi\u0119kne wakacje w g\u00f3rach.","breadcrumb":{"@id":"http:\/\/www.domnawczasy.pl\/index.php\/poznajgory\/#breadcrumb"},"inLanguage":"pl-PL","potentialAction":[{"@type":"ReadAction","target":["http:\/\/www.domnawczasy.pl\/index.php\/poznajgory\/"]}]},{"@type":"ImageObject","inLanguage":"pl-PL","@id":"http:\/\/www.domnawczasy.pl\/index.php\/poznajgory\/#primaryimage","url":"http:\/\/www.domnawczasy.pl\/wp-content\/uploads\/2023\/09\/211002-90-scaled.jpg","contentUrl":"http:\/\/www.domnawczasy.pl\/wp-content\/uploads\/2023\/09\/211002-90-scaled.jpg","width":2560,"height":1441},{"@type":"BreadcrumbList","@id":"http:\/\/www.domnawczasy.pl\/index.php\/poznajgory\/#breadcrumb","itemListElement":[{"@type":"ListItem","position":1,"name":"Strona g\u0142\u00f3wna","item":"http:\/\/www.domnawczasy.pl\/"},{"@type":"ListItem","position":2,"name":"Poznaj g\u00f3ry"}]},{"@type":"WebSite","@id":"http:\/\/www.domnawczasy.pl\/#website","url":"http:\/\/www.domnawczasy.pl\/","name":"Dom na Wczasy","description":"","publisher":{"@id":"http:\/\/www.domnawczasy.pl\/#organization"},"potentialAction":[{"@type":"SearchAction","target":{"@type":"EntryPoint","urlTemplate":"http:\/\/www.domnawczasy.pl\/?s={search_term_string}"},"query-input":{"@type":"PropertyValueSpecification","valueRequired":true,"valueName":"search_term_string"}}],"inLanguage":"pl-PL"},{"@type":"Organization","@id":"http:\/\/www.domnawczasy.pl\/#organization","name":"Dom Na Waczsy","alternateName":"Dom Na Waczsy - Tw\u00f3j czas dla rodziny","url":"http:\/\/www.domnawczasy.pl\/","logo":{"@type":"ImageObject","inLanguage":"pl-PL","@id":"http:\/\/www.domnawczasy.pl\/#\/schema\/logo\/image\/","url":"http:\/\/www.domnawczasy.pl\/wp-content\/uploads\/2023\/07\/cropped-cropped-cropped-png-clipart-computer-icons-house-home-building-house-angle-household-1.png","contentUrl":"http:\/\/www.domnawczasy.pl\/wp-content\/uploads\/2023\/07\/cropped-cropped-cropped-png-clipart-computer-icons-house-home-building-house-angle-household-1.png","width":512,"height":512,"caption":"Dom Na Waczsy"},"image":{"@id":"http:\/\/www.domnawczasy.pl\/#\/schema\/logo\/image\/"}}]}},"_links":{"self":[{"href":"http:\/\/www.domnawczasy.pl\/index.php\/wp-json\/wp\/v2\/pages\/1159","targetHints":{"allow":["GET"]}}],"collection":[{"href":"http:\/\/www.domnawczasy.pl\/index.php\/wp-json\/wp\/v2\/pages"}],"about":[{"href":"http:\/\/www.domnawczasy.pl\/index.php\/wp-json\/wp\/v2\/types\/page"}],"author":[{"embeddable":true,"href":"http:\/\/www.domnawczasy.pl\/index.php\/wp-json\/wp\/v2\/users\/1"}],"replies":[{"embeddable":true,"href":"http:\/\/www.domnawczasy.pl\/index.php\/wp-json\/wp\/v2\/comments?post=1159"}],"version-history":[{"count":14,"href":"http:\/\/www.domnawczasy.pl\/index.php\/wp-json\/wp\/v2\/pages\/1159\/revisions"}],"predecessor-version":[{"id":1201,"href":"http:\/\/www.domnawczasy.pl\/index.php\/wp-json\/wp\/v2\/pages\/1159\/revisions\/1201"}],"wp:attachment":[{"href":"http:\/\/www.domnawczasy.pl\/index.php\/wp-json\/wp\/v2\/media?parent=1159"}],"curies":[{"name":"wp","href":"https:\/\/api.w.org\/{rel}","templated":true}]}}